{"id":542,"date":"2026-03-10T15:51:59","date_gmt":"2026-03-10T14:51:59","guid":{"rendered":"https:\/\/www.patriciafink.fr\/?page_id=542"},"modified":"2026-03-10T16:17:20","modified_gmt":"2026-03-10T15:17:20","slug":"reflexologie-plantaire-auray-parthenay-de-bretagne","status":"publish","type":"page","link":"https:\/\/www.patriciafink.fr\/index.php\/reflexologie-plantaire-auray-parthenay-de-bretagne\/","title":{"rendered":"R\u00e9flexologie"},"content":{"rendered":"<h1 data-section-id=\"10354gv\" data-start=\"241\" data-end=\"312\">R\u00e9flexologie plantaire japonaise : \u00e9quilibre et d\u00e9tente par les pieds<\/h1>\n<p data-start=\"314\" data-end=\"497\">La <strong data-start=\"317\" data-end=\"353\">r\u00e9flexologie plantaire japonaise<\/strong> est une technique de bien-\u00eatre qui consiste \u00e0 stimuler des zones r\u00e9flexes situ\u00e9es sur les pieds afin de favoriser l\u2019\u00e9quilibre naturel du corps.<\/p>\n<p data-start=\"499\" data-end=\"774\">Chaque zone du pied correspond \u00e0 un organe ou \u00e0 une fonction du corps. Gr\u00e2ce \u00e0 des <strong data-start=\"582\" data-end=\"615\">pressions cibl\u00e9es et pr\u00e9cises<\/strong>, la r\u00e9flexologie agit sur l\u2019ensemble de l\u2019organisme et permet de rel\u00e2cher les tensions, d\u2019apaiser le stress et de retrouver une profonde sensation de d\u00e9tente.<\/p>\n<p data-start=\"776\" data-end=\"903\">La s\u00e9ance est avant tout <strong data-start=\"801\" data-end=\"837\">un moment de relaxation profonde<\/strong>, un temps pour prendre soin de soi et se reconnecter \u00e0 son corps.<\/p>\n<p data-start=\"905\" data-end=\"1229\">Je propose des s\u00e9ances de <strong data-start=\"931\" data-end=\"975\">r\u00e9flexologie plantaire japonaise \u00e0 Auray<\/strong>, \u00e0 <strong data-start=\"979\" data-end=\"1004\">Parthenay-de-Bretagne<\/strong>, ainsi que lors de <strong data-start=\"1024\" data-end=\"1084\">salons bien-\u00eatre avec l\u2019association Papill&rsquo;Ongles Breizh<\/strong> (C\u00f4tes-d\u2019Armor, Finist\u00e8re, Ille-et-Vilaine et Morbihan) et lors des <strong data-start=\"1153\" data-end=\"1228\">\u00e9v\u00e9nements priv\u00e9s Les Essentielles Bien-\u00catre au F\u00e9minin \u00e0 Plouaret (22)<\/strong>.<\/p>\n<h2 data-section-id=\"nvws3l\" data-start=\"1236\" data-end=\"1279\">Les origines de la r\u00e9flexologie plantaire<\/h2>\n<p data-start=\"1281\" data-end=\"1528\">La r\u00e9flexologie plantaire est une pratique ancestrale dont les origines remontent \u00e0 plusieurs milliers d\u2019ann\u00e9es. Des traces de techniques similaires ont \u00e9t\u00e9 retrouv\u00e9es dans les civilisations anciennes, notamment en <strong data-start=\"1496\" data-end=\"1527\">Chine, en \u00c9gypte et en Inde<\/strong>.<\/p>\n<p data-start=\"1530\" data-end=\"1819\">Au Japon, cette pratique a \u00e9t\u00e9 d\u00e9velopp\u00e9e et affin\u00e9e pour devenir une m\u00e9thode pr\u00e9cise de stimulation des zones r\u00e9flexes du pied. La <strong data-start=\"1662\" data-end=\"1698\">r\u00e9flexologie plantaire japonaise<\/strong> s\u2019appuie sur la cartographie du pied et sur la correspondance entre certaines zones et les diff\u00e9rentes parties du corps.<\/p>\n<p data-start=\"1821\" data-end=\"1977\">Aujourd\u2019hui, cette technique est largement utilis\u00e9e dans les approches naturelles de bien-\u00eatre pour accompagner la d\u00e9tente et soutenir l\u2019\u00e9quilibre du corps.<\/p>\n<h2 data-section-id=\"3fraiy\" data-start=\"1984\" data-end=\"2028\">Les bienfaits de la r\u00e9flexologie plantaire<\/h2>\n<p data-start=\"2030\" data-end=\"2093\"><a href=\"https:\/\/www.patriciafink.fr\/index.php\/2026\/03\/10\/reflexologie-plantaire-japonaise-a-auray-et-rennes-bienfaits-et-drainage-lymphatique\/\" target=\"_blank\" rel=\"noopener\"><strong>La r\u00e9flexologie plantaire Japonaise<\/strong><\/a> peut apporter de nombreux bienfaits :<\/p>\n<ul data-start=\"2095\" data-end=\"2358\">\n<li data-section-id=\"x15d3k\" data-start=\"2095\" data-end=\"2133\">\n<p data-start=\"2097\" data-end=\"2133\">favoriser la <strong data-start=\"2110\" data-end=\"2133\">relaxation profonde<\/strong><\/p>\n<\/li>\n<li data-section-id=\"1wt8q61\" data-start=\"2134\" data-end=\"2173\">\n<p data-start=\"2136\" data-end=\"2173\">r\u00e9duire le <strong data-start=\"2147\" data-end=\"2173\">stress et les tensions<\/strong><\/p>\n<\/li>\n<li data-section-id=\"1117gw\" data-start=\"2174\" data-end=\"2228\">\n<p data-start=\"2176\" data-end=\"2228\">am\u00e9liorer la <strong data-start=\"2189\" data-end=\"2228\">circulation sanguine et lymphatique<\/strong><\/p>\n<\/li>\n<li data-section-id=\"20k7h9\" data-start=\"2229\" data-end=\"2268\">\n<p data-start=\"2231\" data-end=\"2268\">soutenir l\u2019\u00e9quilibre naturel du corps<\/p>\n<\/li>\n<li data-section-id=\"sejfpe\" data-start=\"2269\" data-end=\"2314\">\n<p data-start=\"2271\" data-end=\"2314\">soulager la sensation de <strong data-start=\"2296\" data-end=\"2314\">jambes lourdes<\/strong><\/p>\n<\/li>\n<li data-section-id=\"7oelt2\" data-start=\"2315\" data-end=\"2358\">\n<p data-start=\"2317\" data-end=\"2358\">aider \u00e0 rel\u00e2cher les tensions musculaires<\/p>\n<\/li>\n<\/ul>\n<p data-start=\"2360\" data-end=\"2453\">Chaque s\u00e9ance est un moment de bien-\u00eatre qui permet de se d\u00e9tendre et de prendre soin de soi.<\/p>\n<p data-start=\"2360\" data-end=\"2453\"><img loading=\"lazy\" decoding=\"async\" class=\"aligncenter wp-image-549 size-large\" title=\"reflexologie plantaire auray et parthenay de bretagne\" src=\"https:\/\/www.patriciafink.fr\/wp-content\/uploads\/2026\/03\/reflexologie-plantaire-auray-et-parthenay-de-bretagne-1024x682.jpg\" alt=\"reflexologie plantaire auray et parthenay de bretagne\" width=\"525\" height=\"350\" srcset=\"https:\/\/www.patriciafink.fr\/wp-content\/uploads\/2026\/03\/reflexologie-plantaire-auray-et-parthenay-de-bretagne-1024x682.jpg 1024w, https:\/\/www.patriciafink.fr\/wp-content\/uploads\/2026\/03\/reflexologie-plantaire-auray-et-parthenay-de-bretagne-300x200.jpg 300w, https:\/\/www.patriciafink.fr\/wp-content\/uploads\/2026\/03\/reflexologie-plantaire-auray-et-parthenay-de-bretagne-768x511.jpg 768w, https:\/\/www.patriciafink.fr\/wp-content\/uploads\/2026\/03\/reflexologie-plantaire-auray-et-parthenay-de-bretagne.jpg 1280w\" sizes=\"auto, (max-width: 525px) 100vw, 525px\" \/><\/p>\n<h2 data-section-id=\"dafjpz\" data-start=\"2460\" data-end=\"2484\">Les contre-indications<\/h2>\n<p data-start=\"2486\" data-end=\"2590\">La r\u00e9flexologie plantaire est une pratique douce, mais certaines situations n\u00e9cessitent des pr\u00e9cautions.<\/p>\n<p data-start=\"2592\" data-end=\"2635\">Elle est d\u00e9conseill\u00e9e notamment en cas de :<\/p>\n<ul data-start=\"2637\" data-end=\"2851\">\n<li data-section-id=\"1o0pc8w\" data-start=\"2637\" data-end=\"2670\">\n<p data-start=\"2639\" data-end=\"2670\">phl\u00e9bite ou thrombose r\u00e9cente<\/p>\n<\/li>\n<li data-section-id=\"1qpqzum\" data-start=\"2671\" data-end=\"2700\">\n<p data-start=\"2673\" data-end=\"2700\">infection aigu\u00eb ou fi\u00e8vre<\/p>\n<\/li>\n<li data-section-id=\"fh59ws\" data-start=\"2701\" data-end=\"2756\">\n<p data-start=\"2703\" data-end=\"2756\">traumatisme ou blessure r\u00e9cente au niveau des pieds<\/p>\n<\/li>\n<li data-section-id=\"t04qbz\" data-start=\"2757\" data-end=\"2801\">\n<p data-start=\"2759\" data-end=\"2801\">certaines pathologies cardiaques s\u00e9v\u00e8res<\/p>\n<\/li>\n<li data-section-id=\"1p40g8y\" data-start=\"2802\" data-end=\"2851\">\n<p data-start=\"2804\" data-end=\"2851\">grossesse \u00e0 risque (demander l\u2019avis du m\u00e9decin)<\/p>\n<\/li>\n<\/ul>\n<p data-start=\"2853\" data-end=\"2939\">En cas de doute, il est recommand\u00e9 de demander l\u2019avis de votre professionnel de sant\u00e9.<\/p>\n<h2 data-section-id=\"z0jfqr\" data-start=\"2946\" data-end=\"2993\">Mes recommandations pour un meilleur r\u00e9sultat<\/h2>\n<p data-start=\"2995\" data-end=\"3090\">Pour ressentir pleinement les effets de la r\u00e9flexologie plantaire, je recommande g\u00e9n\u00e9ralement :<\/p>\n<p data-start=\"3092\" data-end=\"3157\"><strong data-start=\"3092\" data-end=\"3117\">6 s\u00e9ances rapproch\u00e9es<\/strong>, \u00e0 raison de <strong data-start=\"3131\" data-end=\"3156\">2 s\u00e9ances par semaine<\/strong>.<\/p>\n<p data-start=\"3159\" data-end=\"3329\">Ensuite, il est conseill\u00e9 de faire <strong data-start=\"3194\" data-end=\"3236\">une s\u00e9ance d\u2019entretien tous les 2 mois<\/strong> ou <strong data-start=\"3240\" data-end=\"3273\">\u00e0 chaque changement de saison<\/strong>, afin d\u2019accompagner naturellement l\u2019\u00e9quilibre du corps.<\/p>\n<p data-start=\"3331\" data-end=\"3419\">Il est \u00e9galement possible de choisir <strong data-start=\"3368\" data-end=\"3382\">un forfait<\/strong>, comme pour le drainage lymphatique.<\/p>\n<h2 data-section-id=\"9ig5rj\" data-start=\"3426\" data-end=\"3446\">Tarifs des s\u00e9ances<\/h2>\n<h3 data-section-id=\"1gk9y2r\" data-start=\"3448\" data-end=\"3494\">S\u00e9ance de r\u00e9flexologie plantaire japonaise<\/h3>\n<p data-start=\"3495\" data-end=\"3644\">S\u00e9ance de bien-\u00eatre bas\u00e9e sur des <strong data-start=\"3529\" data-end=\"3564\">pressions cibl\u00e9es sur les pieds<\/strong> pour favoriser la d\u00e9tente, le rel\u00e2chement des tensions et l\u2019\u00e9quilibre du corps.<\/p>\n<p data-start=\"3646\" data-end=\"3722\">\u2728 <strong data-start=\"3648\" data-end=\"3681\">Moment de relaxation profonde<\/strong><br data-start=\"3681\" data-end=\"3684\" \/>Dur\u00e9e de la s\u00e9ance : environ 1 heure<\/p>\n<p data-start=\"3724\" data-end=\"3740\"><strong data-start=\"3724\" data-end=\"3740\">Tarif : 65 \u20ac<\/strong><\/p>\n<h3 data-section-id=\"1ebte29\" data-start=\"3747\" data-end=\"3768\">S\u00e9ance d\u00e9couverte<\/h3>\n<p data-start=\"3769\" data-end=\"3827\">Pour d\u00e9couvrir les bienfaits de la r\u00e9flexologie plantaire.<\/p>\n<p data-start=\"3829\" data-end=\"3851\">Dur\u00e9e : <strong data-start=\"3837\" data-end=\"3851\">30 minutes<\/strong><\/p>\n<p data-start=\"3853\" data-end=\"3869\"><strong data-start=\"3853\" data-end=\"3869\">Tarif : 49 \u20ac<\/strong><\/p>\n<h2 data-section-id=\"1vspa9o\" data-start=\"3876\" data-end=\"3918\">O\u00f9 pratiquer la r\u00e9flexologie plantaire ?<\/h2>\n<p data-start=\"3920\" data-end=\"3956\">Je vous accueille pour vos s\u00e9ances :<\/p>\n<p data-start=\"3958\" data-end=\"4243\">\ud83d\udccd <strong data-start=\"3961\" data-end=\"3975\">Auray (56)<\/strong> \u2013 Maison de sant\u00e9 de la gare \u2013 le lundi<br data-start=\"4015\" data-end=\"4018\" \/>\ud83d\udccd <strong data-start=\"4021\" data-end=\"4051\">Parthenay-de-Bretagne (35)<\/strong> \u2013 du mardi au vendredi<br data-start=\"4074\" data-end=\"4077\" \/>\ud83d\udccd <strong data-start=\"4080\" data-end=\"4100\">Salons bien-\u00eatre<\/strong> avec l\u2019association <strong data-start=\"4120\" data-end=\"4144\">Papill&rsquo;Ongles Breizh<\/strong> (22-29-35-56)<br data-start=\"4158\" data-end=\"4161\" \/>\ud83d\udccd <strong data-start=\"4164\" data-end=\"4185\">\u00c9v\u00e9nements priv\u00e9s<\/strong> Les Essentielles Bien-\u00catre au F\u00e9minin \u00e0 <strong data-start=\"4226\" data-end=\"4243\">Plouaret (22)<\/strong><\/p>\n<p data-start=\"4250\" data-end=\"4362\">La relaxation plantaire est une invitation \u00e0 ralentir, \u00e0 se d\u00e9tendre et \u00e0 prendre soin de soi naturellement.<\/p>\n<p data-start=\"4364\" data-end=\"4462\">Pour plus d\u2019informations ou pour prendre rendez-vous, rendez-vous sur le <a href=\"https:\/\/www.patriciafink.fr\/index.php\/contacts-et-liens-divers\/\" target=\"_blank\" rel=\"noopener\"><strong>formulaire de contact<\/strong><\/a>, sur <a href=\"https:\/\/www.facebook.com\/patriciafink.fr\" target=\"_blank\" rel=\"noopener\"><strong>les r\u00e9seaux sociaux<\/strong><\/a> ou par t\u00e9l\u00e9phone : 06-80-31-50-75<\/p>\n<p data-start=\"4364\" data-end=\"4462\"><img loading=\"lazy\" decoding=\"async\" class=\"aligncenter wp-image-550 size-large\" title=\"reflexologie plantaire auray et parthenay de bretagne rennes\" src=\"https:\/\/www.patriciafink.fr\/wp-content\/uploads\/2026\/03\/refelxologie-plantaire-Japonaise-auray-56-et-parthenay-de-bretagne-35-rennes-1024x682.jpg\" alt=\"reflexologie plantaire auray et parthenay de bretagne rennes\" width=\"525\" height=\"350\" srcset=\"https:\/\/www.patriciafink.fr\/wp-content\/uploads\/2026\/03\/refelxologie-plantaire-Japonaise-auray-56-et-parthenay-de-bretagne-35-rennes-1024x682.jpg 1024w, https:\/\/www.patriciafink.fr\/wp-content\/uploads\/2026\/03\/refelxologie-plantaire-Japonaise-auray-56-et-parthenay-de-bretagne-35-rennes-300x200.jpg 300w, https:\/\/www.patriciafink.fr\/wp-content\/uploads\/2026\/03\/refelxologie-plantaire-Japonaise-auray-56-et-parthenay-de-bretagne-35-rennes-768x511.jpg 768w, https:\/\/www.patriciafink.fr\/wp-content\/uploads\/2026\/03\/refelxologie-plantaire-Japonaise-auray-56-et-parthenay-de-bretagne-35-rennes.jpg 1280w\" sizes=\"auto, (max-width: 525px) 100vw, 525px\" \/><\/p>\n","protected":false},"excerpt":{"rendered":"<p>R\u00e9flexologie plantaire japonaise : \u00e9quilibre et d\u00e9tente par les pieds La r\u00e9flexologie plantaire japonaise est une technique de bien-\u00eatre qui consiste \u00e0 stimuler des zones r\u00e9flexes situ\u00e9es sur les pieds afin de favoriser l\u2019\u00e9quilibre naturel du corps. Chaque zone du pied correspond \u00e0 un organe ou \u00e0 une fonction du corps. Gr\u00e2ce \u00e0 des pressions &hellip; <\/p>\n<p class=\"link-more\"><a href=\"https:\/\/www.patriciafink.fr\/index.php\/reflexologie-plantaire-auray-parthenay-de-bretagne\/\" class=\"more-link\">Continuer la lecture<span class=\"screen-reader-text\"> de &laquo;&nbsp;R\u00e9flexologie&nbsp;&raquo;<\/span><\/a><\/p>\n","protected":false},"author":1,"featured_media":552,"parent":0,"menu_order":0,"comment_status":"closed","ping_status":"closed","template":"","meta":{"footnotes":""},"class_list":["post-542","page","type-page","status-publish","has-post-thumbnail","hentry"],"yoast_head":"<!-- This site is optimized with the Yoast SEO plugin v27.3 - https:\/\/yoast.com\/product\/yoast-seo-wordpress\/ -->\n<title>R\u00e9flexologie plantaire<\/title>\n<meta name=\"description\" content=\"R\u00e9flexologie plantaire japonaise \u00e0 Auray et Parthenay-de-Bretagne : s\u00e9ance bien-\u00eatre, d\u00e9tente profonde, \u00e9quilibre du corps et bien plus...\" \/>\n<meta name=\"robots\" content=\"index, follow, max-snippet:-1, max-image-preview:large, max-video-preview:-1\" \/>\n<link rel=\"canonical\" href=\"https:\/\/www.patriciafink.fr\/index.php\/reflexologie-plantaire-auray-parthenay-de-bretagne\/\" \/>\n<meta property=\"og:locale\" content=\"fr_FR\" \/>\n<meta property=\"og:type\" content=\"article\" \/>\n<meta property=\"og:title\" content=\"R\u00e9flexologie plantaire\" \/>\n<meta property=\"og:description\" content=\"R\u00e9flexologie plantaire japonaise \u00e0 Auray et Parthenay-de-Bretagne : s\u00e9ance bien-\u00eatre, d\u00e9tente profonde, \u00e9quilibre du corps et bien plus...\" \/>\n<meta property=\"og:url\" content=\"https:\/\/www.patriciafink.fr\/index.php\/reflexologie-plantaire-auray-parthenay-de-bretagne\/\" \/>\n<meta property=\"og:site_name\" content=\"Patricia Fink\" \/>\n<meta property=\"article:modified_time\" content=\"2026-03-10T15:17:20+00:00\" \/>\n<meta property=\"og:image\" content=\"https:\/\/www.patriciafink.fr\/wp-content\/uploads\/2026\/03\/reflexologie-plantaire-rennes-et-auray-1.jpg\" \/>\n\t<meta property=\"og:image:width\" content=\"500\" \/>\n\t<meta property=\"og:image:height\" content=\"333\" \/>\n\t<meta property=\"og:image:type\" content=\"image\/jpeg\" \/>\n<meta name=\"twitter:card\" content=\"summary_large_image\" \/>\n<meta name=\"twitter:label1\" content=\"Dur\u00e9e de lecture estim\u00e9e\" \/>\n\t<meta name=\"twitter:data1\" content=\"4 minutes\" \/>\n<script type=\"application\/ld+json\" class=\"yoast-schema-graph\">{\"@context\":\"https:\\\/\\\/schema.org\",\"@graph\":[{\"@type\":\"WebPage\",\"@id\":\"https:\\\/\\\/www.patriciafink.fr\\\/index.php\\\/reflexologie-plantaire-auray-parthenay-de-bretagne\\\/\",\"url\":\"https:\\\/\\\/www.patriciafink.fr\\\/index.php\\\/reflexologie-plantaire-auray-parthenay-de-bretagne\\\/\",\"name\":\"R\u00e9flexologie plantaire\",\"isPartOf\":{\"@id\":\"https:\\\/\\\/www.patriciafink.fr\\\/#website\"},\"primaryImageOfPage\":{\"@id\":\"https:\\\/\\\/www.patriciafink.fr\\\/index.php\\\/reflexologie-plantaire-auray-parthenay-de-bretagne\\\/#primaryimage\"},\"image\":{\"@id\":\"https:\\\/\\\/www.patriciafink.fr\\\/index.php\\\/reflexologie-plantaire-auray-parthenay-de-bretagne\\\/#primaryimage\"},\"thumbnailUrl\":\"https:\\\/\\\/www.patriciafink.fr\\\/wp-content\\\/uploads\\\/2026\\\/03\\\/reflexologie-plantaire-rennes-et-auray-1.jpg\",\"datePublished\":\"2026-03-10T14:51:59+00:00\",\"dateModified\":\"2026-03-10T15:17:20+00:00\",\"description\":\"R\u00e9flexologie plantaire japonaise \u00e0 Auray et Parthenay-de-Bretagne : s\u00e9ance bien-\u00eatre, d\u00e9tente profonde, \u00e9quilibre du corps et bien plus...\",\"breadcrumb\":{\"@id\":\"https:\\\/\\\/www.patriciafink.fr\\\/index.php\\\/reflexologie-plantaire-auray-parthenay-de-bretagne\\\/#breadcrumb\"},\"inLanguage\":\"fr-FR\",\"potentialAction\":[{\"@type\":\"ReadAction\",\"target\":[\"https:\\\/\\\/www.patriciafink.fr\\\/index.php\\\/reflexologie-plantaire-auray-parthenay-de-bretagne\\\/\"]}]},{\"@type\":\"ImageObject\",\"inLanguage\":\"fr-FR\",\"@id\":\"https:\\\/\\\/www.patriciafink.fr\\\/index.php\\\/reflexologie-plantaire-auray-parthenay-de-bretagne\\\/#primaryimage\",\"url\":\"https:\\\/\\\/www.patriciafink.fr\\\/wp-content\\\/uploads\\\/2026\\\/03\\\/reflexologie-plantaire-rennes-et-auray-1.jpg\",\"contentUrl\":\"https:\\\/\\\/www.patriciafink.fr\\\/wp-content\\\/uploads\\\/2026\\\/03\\\/reflexologie-plantaire-rennes-et-auray-1.jpg\",\"width\":500,\"height\":333,\"caption\":\"R\u00e9flexologie plantaire japonaise \u00e0 Auray et Parthenay-de-Bretagne : s\u00e9ance bien-\u00eatre, d\u00e9tente profonde, \u00e9quilibre du corps et rel\u00e2chement des tensions.\"},{\"@type\":\"BreadcrumbList\",\"@id\":\"https:\\\/\\\/www.patriciafink.fr\\\/index.php\\\/reflexologie-plantaire-auray-parthenay-de-bretagne\\\/#breadcrumb\",\"itemListElement\":[{\"@type\":\"ListItem\",\"position\":1,\"name\":\"Accueil\",\"item\":\"https:\\\/\\\/www.patriciafink.fr\\\/\"},{\"@type\":\"ListItem\",\"position\":2,\"name\":\"R\u00e9flexologie\"}]},{\"@type\":\"WebSite\",\"@id\":\"https:\\\/\\\/www.patriciafink.fr\\\/#website\",\"url\":\"https:\\\/\\\/www.patriciafink.fr\\\/\",\"name\":\"Patricia Fink\",\"description\":\"Hypnoth\u00e9rapie et esth\u00e9tique. D\u00e9velopper son potentiel ainsi que ses comp\u00e9tences personnelles et professionnelles. Soins du visage, des mains et des pieds. Proth\u00e9siste ongulaire et nail art : Donnez des ongles \u00e0 celles et ceux qui n&#039;en ont pas est un vrai m\u00e9tier !\",\"potentialAction\":[{\"@type\":\"SearchAction\",\"target\":{\"@type\":\"EntryPoint\",\"urlTemplate\":\"https:\\\/\\\/www.patriciafink.fr\\\/?s={search_term_string}\"},\"query-input\":{\"@type\":\"PropertyValueSpecification\",\"valueRequired\":true,\"valueName\":\"search_term_string\"}}],\"inLanguage\":\"fr-FR\"}]}<\/script>\n<!-- \/ Yoast SEO plugin. -->","yoast_head_json":{"title":"R\u00e9flexologie plantaire","description":"R\u00e9flexologie plantaire japonaise \u00e0 Auray et Parthenay-de-Bretagne : s\u00e9ance bien-\u00eatre, d\u00e9tente profonde, \u00e9quilibre du corps et bien plus...","robots":{"index":"index","follow":"follow","max-snippet":"max-snippet:-1","max-image-preview":"max-image-preview:large","max-video-preview":"max-video-preview:-1"},"canonical":"https:\/\/www.patriciafink.fr\/index.php\/reflexologie-plantaire-auray-parthenay-de-bretagne\/","og_locale":"fr_FR","og_type":"article","og_title":"R\u00e9flexologie plantaire","og_description":"R\u00e9flexologie plantaire japonaise \u00e0 Auray et Parthenay-de-Bretagne : s\u00e9ance bien-\u00eatre, d\u00e9tente profonde, \u00e9quilibre du corps et bien plus...","og_url":"https:\/\/www.patriciafink.fr\/index.php\/reflexologie-plantaire-auray-parthenay-de-bretagne\/","og_site_name":"Patricia Fink","article_modified_time":"2026-03-10T15:17:20+00:00","og_image":[{"width":500,"height":333,"url":"https:\/\/www.patriciafink.fr\/wp-content\/uploads\/2026\/03\/reflexologie-plantaire-rennes-et-auray-1.jpg","type":"image\/jpeg"}],"twitter_card":"summary_large_image","twitter_misc":{"Dur\u00e9e de lecture estim\u00e9e":"4 minutes"},"schema":{"@context":"https:\/\/schema.org","@graph":[{"@type":"WebPage","@id":"https:\/\/www.patriciafink.fr\/index.php\/reflexologie-plantaire-auray-parthenay-de-bretagne\/","url":"https:\/\/www.patriciafink.fr\/index.php\/reflexologie-plantaire-auray-parthenay-de-bretagne\/","name":"R\u00e9flexologie plantaire","isPartOf":{"@id":"https:\/\/www.patriciafink.fr\/#website"},"primaryImageOfPage":{"@id":"https:\/\/www.patriciafink.fr\/index.php\/reflexologie-plantaire-auray-parthenay-de-bretagne\/#primaryimage"},"image":{"@id":"https:\/\/www.patriciafink.fr\/index.php\/reflexologie-plantaire-auray-parthenay-de-bretagne\/#primaryimage"},"thumbnailUrl":"https:\/\/www.patriciafink.fr\/wp-content\/uploads\/2026\/03\/reflexologie-plantaire-rennes-et-auray-1.jpg","datePublished":"2026-03-10T14:51:59+00:00","dateModified":"2026-03-10T15:17:20+00:00","description":"R\u00e9flexologie plantaire japonaise \u00e0 Auray et Parthenay-de-Bretagne : s\u00e9ance bien-\u00eatre, d\u00e9tente profonde, \u00e9quilibre du corps et bien plus...","breadcrumb":{"@id":"https:\/\/www.patriciafink.fr\/index.php\/reflexologie-plantaire-auray-parthenay-de-bretagne\/#breadcrumb"},"inLanguage":"fr-FR","potentialAction":[{"@type":"ReadAction","target":["https:\/\/www.patriciafink.fr\/index.php\/reflexologie-plantaire-auray-parthenay-de-bretagne\/"]}]},{"@type":"ImageObject","inLanguage":"fr-FR","@id":"https:\/\/www.patriciafink.fr\/index.php\/reflexologie-plantaire-auray-parthenay-de-bretagne\/#primaryimage","url":"https:\/\/www.patriciafink.fr\/wp-content\/uploads\/2026\/03\/reflexologie-plantaire-rennes-et-auray-1.jpg","contentUrl":"https:\/\/www.patriciafink.fr\/wp-content\/uploads\/2026\/03\/reflexologie-plantaire-rennes-et-auray-1.jpg","width":500,"height":333,"caption":"R\u00e9flexologie plantaire japonaise \u00e0 Auray et Parthenay-de-Bretagne : s\u00e9ance bien-\u00eatre, d\u00e9tente profonde, \u00e9quilibre du corps et rel\u00e2chement des tensions."},{"@type":"BreadcrumbList","@id":"https:\/\/www.patriciafink.fr\/index.php\/reflexologie-plantaire-auray-parthenay-de-bretagne\/#breadcrumb","itemListElement":[{"@type":"ListItem","position":1,"name":"Accueil","item":"https:\/\/www.patriciafink.fr\/"},{"@type":"ListItem","position":2,"name":"R\u00e9flexologie"}]},{"@type":"WebSite","@id":"https:\/\/www.patriciafink.fr\/#website","url":"https:\/\/www.patriciafink.fr\/","name":"Patricia Fink","description":"Hypnoth\u00e9rapie et esth\u00e9tique. D\u00e9velopper son potentiel ainsi que ses comp\u00e9tences personnelles et professionnelles. Soins du visage, des mains et des pieds. Proth\u00e9siste ongulaire et nail art : Donnez des ongles \u00e0 celles et ceux qui n&#039;en ont pas est un vrai m\u00e9tier !","potentialAction":[{"@type":"SearchAction","target":{"@type":"EntryPoint","urlTemplate":"https:\/\/www.patriciafink.fr\/?s={search_term_string}"},"query-input":{"@type":"PropertyValueSpecification","valueRequired":true,"valueName":"search_term_string"}}],"inLanguage":"fr-FR"}]}},"_links":{"self":[{"href":"https:\/\/www.patriciafink.fr\/index.php\/wp-json\/wp\/v2\/pages\/542","targetHints":{"allow":["GET"]}}],"collection":[{"href":"https:\/\/www.patriciafink.fr\/index.php\/wp-json\/wp\/v2\/pages"}],"about":[{"href":"https:\/\/www.patriciafink.fr\/index.php\/wp-json\/wp\/v2\/types\/page"}],"author":[{"embeddable":true,"href":"https:\/\/www.patriciafink.fr\/index.php\/wp-json\/wp\/v2\/users\/1"}],"replies":[{"embeddable":true,"href":"https:\/\/www.patriciafink.fr\/index.php\/wp-json\/wp\/v2\/comments?post=542"}],"version-history":[{"count":3,"href":"https:\/\/www.patriciafink.fr\/index.php\/wp-json\/wp\/v2\/pages\/542\/revisions"}],"predecessor-version":[{"id":551,"href":"https:\/\/www.patriciafink.fr\/index.php\/wp-json\/wp\/v2\/pages\/542\/revisions\/551"}],"wp:featuredmedia":[{"embeddable":true,"href":"https:\/\/www.patriciafink.fr\/index.php\/wp-json\/wp\/v2\/media\/552"}],"wp:attachment":[{"href":"https:\/\/www.patriciafink.fr\/index.php\/wp-json\/wp\/v2\/media?parent=542"}],"curies":[{"name":"wp","href":"https:\/\/api.w.org\/{rel}","templated":true}]}}