{"id":60,"date":"2019-08-11T20:57:49","date_gmt":"2019-08-11T18:57:49","guid":{"rendered":"https:\/\/www.patriciafink.fr\/\/?page_id=60"},"modified":"2026-04-03T15:30:21","modified_gmt":"2026-04-03T13:30:21","slug":"a-propos-de-patricia-fink","status":"publish","type":"page","link":"https:\/\/www.patriciafink.fr\/index.php\/a-propos-de-patricia-fink\/","title":{"rendered":"A propos"},"content":{"rendered":"<p>A propos de Patricia Fink&#8230;<\/p>\n<p>Je m&rsquo;appelle <a href=\"https:\/\/www.facebook.com\/patriciafink.fr\/\" target=\"_blank\" rel=\"noopener noreferrer\">Patricia FINK<\/a>, je suis Hypnoth\u00e9rapeute, Esth\u00e9ticienne et Formatrice \u00e0 c\u00f4t\u00e9 de Rennes en Bretagne, plus pr\u00e9cis\u00e9ment dans le d\u00e9partement d&rsquo; Ille et Vilaine.<\/p>\n<p><img loading=\"lazy\" decoding=\"async\" class=\"aligncenter wp-image-249 size-full\" title=\"A propos de moi Patricia FINK Hypnoth\u00e9rapeute \u00e0 Rennes\" src=\"https:\/\/www.patriciafink.fr\/\/wp-content\/uploads\/2020\/10\/hypnose-en-ligne-patricia-FINK-onrestechezsoi.jpg\" alt=\"consultation d hypnose en ligne a rennes\" width=\"640\" height=\"427\" srcset=\"https:\/\/www.patriciafink.fr\/wp-content\/uploads\/2020\/10\/hypnose-en-ligne-patricia-FINK-onrestechezsoi.jpg 640w, https:\/\/www.patriciafink.fr\/wp-content\/uploads\/2020\/10\/hypnose-en-ligne-patricia-FINK-onrestechezsoi-300x200.jpg 300w\" sizes=\"auto, (max-width: 640px) 100vw, 640px\" \/><\/p>\n<h3>A propos de Patricia Fink : Vous pouvez me contacter pour un rendez vous classique ou combin\u00e9<\/h3>\n<ul>\n<li>Premi\u00e8rement pour une <strong><a href=\"https:\/\/www.patriciafink.fr\/\/index.php\/2020\/10\/30\/consultations-et-seances-dhypnose-en-ligne-via-internet\/\" target=\"_blank\" rel=\"noopener noreferrer\">consultation en hypnose <\/a><\/strong>hypnoth\u00e9rapie de bien \u00eatre, prenez votre rendez-vous et vos informations <a href=\"https:\/\/www.patriciafink.fr\/\/index.php\/contacts-et-liens-divers\/\" target=\"_blank\" rel=\"noopener noreferrer\"><em><strong>ICI<\/strong><\/em><\/a> ou par t\u00e9l\u00e9phone directement au 06-80-31-50-75 pour arr\u00eater de fumer, pour d\u00e9stresser, pour \u00f4ter vos phobies, pour g\u00e9rer votre quotidien, pour booster vos vies pros et persos&#8230;<\/li>\n<li>Deuxi\u00e8mement pour des soins esth\u00e9tiques, manucure, pose d&rsquo;ongles, soins du visages, des mains ou des pieds, un drainage lymphatique m\u00e9thode Vodder, une s\u00e9ance de r\u00e9fl\u00e9xologie plantaire Japonaise&#8230;<\/li>\n<li>Troisi\u00e8mement pour une <a href=\"http:\/\/www.hypnose-enchantee.fr\/apprendre-a-reguler-et-a-gerer-les-emotions-dans-une-situation-de-stress\/\" target=\"_blank\" rel=\"noopener noreferrer\"><strong>formation avec le centre de formation Fabrice CAZORLA.<\/strong><\/a><\/li>\n<li>Quatri\u00e8mement pour un formation \u00e0 la proth\u00e9sie ongulaire ou au nail art&#8230;<\/li>\n<\/ul>\n<h3>Au sommaire de cet \u00ab\u00a0A propos de Patricia FINK hypnoth\u00e9rapeute et praticienne bien-\u00eatre\u00a0\u00bb :<\/h3>\n<ul>\n<li>Hypnoth\u00e9rapie \/ Hypnose de bien-\u00eatre.<\/li>\n<li>Formation en Hypnose Classique et Rapide et d\u00e9veloppement personnel.<\/li>\n<li>Coaching en Psychologie Positive, Art-Th\u00e9rapie et PNL.<\/li>\n<li>L&rsquo;esth\u00e9tique, les soins et les formations.<\/li>\n<\/ul>\n<p><strong>Un peu d&rsquo;histoire :<\/strong> Suite \u00e0 un tournant dans ma vie personnelle et professionnelle, j\u2019ai eu l\u2019opportunit\u00e9 de d\u00e9cider \u00e0 50 ans de reprendre les bancs de l&rsquo;\u00e9cole et de changer de voie (enfin de rajouter quelques cordes \u00e0 mon arc). Ce changement \u00e0 commenc\u00e9 par le choix de faire une formation de coach en psychologie positive, et le reste s&rsquo;est encha\u00een\u00e9 tr\u00e8s rapidement.<\/p>\n<p><img loading=\"lazy\" decoding=\"async\" class=\"aligncenter wp-image-97 size-full\" title=\"A propos de moi Patricia FINK Hypnoth\u00e9rapeute en Bretagne\" src=\"https:\/\/www.patriciafink.fr\/\/wp-content\/uploads\/2019\/08\/hypnotherapie-et-d\u00e9veloppemen-personnel-a-rennes-07.jpg\" alt=\"A propos de moi Patricia FINK Hypnoth\u00e9rapeute en Bretagne\" width=\"600\" height=\"335\" srcset=\"https:\/\/www.patriciafink.fr\/wp-content\/uploads\/2019\/08\/hypnotherapie-et-d\u00e9veloppemen-personnel-a-rennes-07.jpg 600w, https:\/\/www.patriciafink.fr\/wp-content\/uploads\/2019\/08\/hypnotherapie-et-d\u00e9veloppemen-personnel-a-rennes-07-300x168.jpg 300w\" sizes=\"auto, (max-width: 600px) 100vw, 600px\" \/><\/p>\n<p>Une fois cette formation termin\u00e9e, et ayant test\u00e9 l&rsquo;hypnoth\u00e9rapie comme patiente pour arr\u00eater de fumer en parall\u00e8le. (test r\u00e9ussi, cela fait 3 ans le 27 juin 2020 que j&rsquo;ai stopp\u00e9 d\u00e9finitivement le tabac, je vous en parle <a href=\"http:\/\/www.hypnose-enchantee.fr\/arreter-de-fumer-avec-l-hypnose\/\" target=\"_blank\" rel=\"noopener noreferrer\">ici<\/a> et <a href=\"http:\/\/www.vernisongles.com\/lhypnose-therapeutique-vous-connaissez\/\" target=\"_blank\" rel=\"noopener noreferrer\">ici<\/a>). J&rsquo;ai accept\u00e9 d&rsquo;accompagner mon futur formateur, comme correspondant de Presse pour <a href=\"http:\/\/www.hypnose-enchantee.fr\/\" target=\"_blank\" rel=\"noopener noreferrer\">l&rsquo;Hypnose Enchant\u00e9e.<\/a> C&rsquo;est alors que j&rsquo;ai effectu\u00e9 et ce fut une v\u00e9ritable r\u00e9v\u00e9lation pour moi, ma premi\u00e8re formation en Hypnose Classique et Rapide \u00e0 ses c\u00f4t\u00e9s.<\/p>\n<h2>Charit\u00e9 bien ordonn\u00e9e commence par soi-m\u00eame. 2018.<\/h2>\n<p>A force d&rsquo;\u00e9crire des articles, il devenait \u00e9vident pour moi de me tourner vers cette discipline en compl\u00e9ment du coaching et de la formation en d\u00e9veloppement personnel \ud83d\ude42<\/p>\n<p>Mon formateur <span class=\"_5yl5\">\u00a0\u00bb <a href=\"https:\/\/fabricecazorla.wixsite.com\/hypnotherapie\" target=\"_blank\" rel=\"noopener noreferrer\">Fabrice CAZORLA<\/a> \u00a0\u00bb est devenu d&rsquo;ailleurs certifi\u00e9 et agr\u00e9\u00e9\u00a0 sous la d\u00e9claration d&rsquo;activit\u00e9 : <\/span><a href=\"https:\/\/fabricecazorla.wixsite.com\/hypnotherapie?fbclid=IwAR23B4sK2yPua33-JN0aBCpHhH8qvGBHIEa9my0YccX0qDYbKyMfHyVcfF4\" target=\"_self\" rel=\"noopener noreferrer\">53220886122<\/a><\/p>\n<p>&nbsp;<\/p>\n<h3>A chacun sa r\u00e9alit\u00e9<\/h3>\n<p>L&rsquo;envie d&rsquo;apprendre m&rsquo;a pris (et ne me l\u00e2chera jamais je pense !) et j&rsquo;ai encha\u00een\u00e9 avec une formation de praticien en Hypnose Ericksonienne, suivie tr\u00e8s rapidement d\u2019une autre en coaching PNL Programmation Neuro Linguistique et d&rsquo;une autre en Art Th\u00e9rapie.<\/p>\n<p>L\u2019hypnose est \u00e0 l\u2019origine de plusieurs concepts. Certaines techniques comme les psychoth\u00e9rapeutiques actuelles en d\u00e9coulent : la relaxation, la sophrologie, la PNL, l\u2019EMDR \u2026 et bien \u00e9videmment l\u2019hypnoth\u00e9rapie !<\/p>\n<p>Il est important aujourd&rsquo;hui, peu importe notre \u00e2ge, de suivre nos r\u00eaves, qu&rsquo;ils soient professionnels ou personnels.<\/p>\n<p><img loading=\"lazy\" decoding=\"async\" class=\"aligncenter wp-image-307 size-full\" title=\"Vivez vos r\u00eaves grace \u00e0 une seance hypnose regressive rennes bretagne\" src=\"https:\/\/www.patriciafink.fr\/\/wp-content\/uploads\/2020\/11\/woman-2714174_640.jpg\" alt=\"seance hypnose regressive rennes bretagne\" width=\"640\" height=\"426\" srcset=\"https:\/\/www.patriciafink.fr\/wp-content\/uploads\/2020\/11\/woman-2714174_640.jpg 640w, https:\/\/www.patriciafink.fr\/wp-content\/uploads\/2020\/11\/woman-2714174_640-300x200.jpg 300w\" sizes=\"auto, (max-width: 640px) 100vw, 640px\" \/><\/p>\n<p>Finalement, \u00e0 travers ces quelques lignes, pensez vous que j&rsquo;allais m&rsquo;arr\u00eater l\u00e0 ? Alors que tout s&rsquo;y pr\u00eatait ! Je pourrais tranquillement accompagner mes patients vers un mieux-\u00eatre ! Et bien non, j&rsquo;avais encore un projet en cours. <em><strong>Never Stop Dreaming ! <\/strong><\/em>Non, je ne me disperse pas, bien au contraire, je peaufine ! J&rsquo;endosserais dans quelques temps, un nouveau tablier, dont je vous parlerais bient\u00f4t \ud83d\ude42 ( *1 Voir plus bas \ud83d\ude42 je vous en parle )<\/p>\n<h2>2020<\/h2>\n<p>Apr\u00e8s diff\u00e9rentes formations en d\u00e9veloppement personnel et d&rsquo;hypnose, je vous indiquais il y a quelques temps que j&rsquo;allais endosser un nouveau tablier. Et bien \u00e7a y est c&rsquo;est fait ! C&rsquo;est un merveilleux compl\u00e9ment pour mon activit\u00e9 d&rsquo;hypnoth\u00e9rapeute.<\/p>\n<p><img loading=\"lazy\" decoding=\"async\" class=\"aligncenter wp-image-309 size-full\" title=\"Eveil de la conscience rennes en bretagne\" src=\"https:\/\/www.patriciafink.fr\/\/wp-content\/uploads\/2020\/11\/butterfly-2049567_640.jpg\" alt=\"Eveil de la conscience rennes en bretagne\" width=\"640\" height=\"360\" srcset=\"https:\/\/www.patriciafink.fr\/wp-content\/uploads\/2020\/11\/butterfly-2049567_640.jpg 640w, https:\/\/www.patriciafink.fr\/wp-content\/uploads\/2020\/11\/butterfly-2049567_640-300x169.jpg 300w\" sizes=\"auto, (max-width: 640px) 100vw, 640px\" \/><\/p>\n<h2>2022<\/h2>\n<p>Un s\u00e9minaire en 2021 \u00e0 vraiment un d\u00e9clencheur. Aujourd\u2019hui en 2022, je me sers des facult\u00e9s r\u00e9v\u00e9l\u00e9es dans ma vie de tous les jours. Hypnoth\u00e9rapeute, j&rsquo;accompagne Fabrice CAZORLA dans les s\u00e9ances d&rsquo;hypnose ainsi que dans les formations propos\u00e9es par l&rsquo;hypnose-enchant\u00e9e, de gestion du stress, d&rsquo;hypnose .<\/p>\n<p>Vous pouvez aussi me (<a href=\"http:\/\/www.hypnose-enchantee.fr\/\" target=\"_blank\" rel=\"noopener\"><strong>nous<\/strong><\/a>) retrouver sur <a href=\"https:\/\/www.facebook.com\/papillongles35850\" target=\"_blank\" rel=\"noopener\"><strong>les salons de l&rsquo;association Papill&rsquo;Ongles Breizh<\/strong><\/a>, 1 fois par mois \u00e0 Scaer dans le 29, et un peu partout en m\u00e9tropole, bient\u00f4t au Canada ainsi qu&rsquo;en Outre-Mer.<\/p>\n<p><img loading=\"lazy\" decoding=\"async\" class=\"aligncenter wp-image-310 size-full\" title=\"M\u00e9diumnit\u00e9 et t\u00e9l\u00e9pathie a rennes\" src=\"https:\/\/www.patriciafink.fr\/\/wp-content\/uploads\/2020\/11\/spiritualism-4552237_640.jpg\" alt=\"eveil de conscience hypnose regressive fabrice cazorla\" width=\"640\" height=\"462\" srcset=\"https:\/\/www.patriciafink.fr\/wp-content\/uploads\/2020\/11\/spiritualism-4552237_640.jpg 640w, https:\/\/www.patriciafink.fr\/wp-content\/uploads\/2020\/11\/spiritualism-4552237_640-300x217.jpg 300w\" sizes=\"auto, (max-width: 640px) 100vw, 640px\" \/><\/p>\n<h3>A propos de Patricia FINK hypnoth\u00e9rapeute et praticienne bien-\u00eatre : Psychologie positive<\/h3>\n<p>Qu&rsquo;est ce qui m&rsquo;a attir\u00e9 vers cette sp\u00e9cialisation plus que vers une autre ? Et bien contrairement \u00e0 la psychologie classique, on ne s\u2019int\u00e9resse qu&rsquo;a ce qui va bien. Ce qui me convenait mieux dans le contexte du moment.<\/p>\n<p>Pour finir je vous dirais que ma citation pr\u00e9f\u00e9r\u00e9e est :<\/p>\n<p><em><strong>\u00ab L\u2019ignorant affirme, le savant doute, le sage r\u00e9fl\u00e9chit. \u00bb Aristote<br \/>\n<\/strong><\/em><\/p>\n<h3><img loading=\"lazy\" decoding=\"async\" class=\"aligncenter wp-image-102 size-full\" title=\"formation auto hypnose rennes\" src=\"https:\/\/www.patriciafink.fr\/\/wp-content\/uploads\/2019\/08\/Institut-de-formation-d-hypnose-elementaire-ifhe-42.jpg\" alt=\"formation auto hypnose rennes\" width=\"600\" height=\"400\" srcset=\"https:\/\/www.patriciafink.fr\/wp-content\/uploads\/2019\/08\/Institut-de-formation-d-hypnose-elementaire-ifhe-42.jpg 600w, https:\/\/www.patriciafink.fr\/wp-content\/uploads\/2019\/08\/Institut-de-formation-d-hypnose-elementaire-ifhe-42-300x200.jpg 300w\" sizes=\"auto, (max-width: 600px) 100vw, 600px\" \/><\/h3>\n<h2>2023<\/h2>\n<p>Depuis bient\u00f4t 12 ans, le Nail art fait partie de ma vie. Je vous ai parl\u00e9 de mes diverses formations en d\u00e9veloppement personnel sans vous parler de ce qui me passionne depuis si longtemps.<\/p>\n<p><strong>Les soins esth\u00e9tiques et la proth\u00e9sie ongulaire.<\/strong><\/p>\n<p>Tout a commenc\u00e9 par une semaine de vacances au ski, ou le froid polaire m&rsquo;a litt\u00e9ralement clou\u00e9 dans un chalet. D\u00e9couverte pour moi du <strong>stamping<\/strong> ! A partir de ce moment la, les choses se sont acc\u00e9l\u00e9r\u00e9es.<\/p>\n<p>Formations, ateliers d\u00e9couvertes, visionnage de vid\u00e9os et partage avec Linette de sa passion qui est devenue la mienne.\u00a0 Mais surtout, la cr\u00e9ation de ma boutique en ligne <strong><a href=\"https:\/\/www.vernisongles.fr\/\" target=\"_blank\" rel=\"noopener\">Vernisongles.fr<\/a><\/strong> le 24 Mai 2012 ! <strong>Pourquoi le 24 mai ?<\/strong> Tout simplement parce que <strong>mon fils a choisit de venir au monde<\/strong> ce jour mais 24 ans auparavant !<\/p>\n<p>Ca fait beaucoup de formations tout \u00e7a ? Et bien non, cette ann\u00e9e (2023) j&rsquo;ai d\u00e9cid\u00e9 de passer en candidat libre le cap Esth\u00e9tique, Cosm\u00e9tiques et Parfumerie en ayant suivi la formation par l&rsquo;acad\u00e9mie d&rsquo;Anais ABAAKIL de Rennes.<\/p>\n<p>Et bien du haut de mes 56 printemps (\u00e0 l&rsquo;\u00e9poque), je l&rsquo;ai eu ! Comme quoi, rien n&rsquo;est impossible, quand on sait de quoi on parle \ud83d\ude42<\/p>\n<p>Je vous r\u00e9sume ci dessous mon parcours professionnel. Et encore une fois, pourquoi, me direz vous ?<\/p>\n<p>Tout simplement pour vous dire et vous montrer, que peu importe notre age,\u00a0 notre lieu d&rsquo;habitation ou notre condition physique, quand la passion y est, tout peut vous r\u00e9ussir !<\/p>\n<p><strong>Alors ne r\u00e9fl\u00e9chissez plus, foncez ! Et si besoin, je vous accompagne en Hypnose th\u00e9rapeutique pour vous aider \u00e0 d\u00e9couvrir votre potentiel ou \u00e0 retrouver confiance en vous ! Je connais aussi un tr\u00e8s bon pr\u00e9parateur mental et sportif, qui peut vous coacher et vous accompagner comme un sportif de haut niveau !<\/strong><\/p>\n<h2>2024<\/h2>\n<p>Une de mes amies me disait il y a peu, mais tu arr\u00eates quand de te former ? La r\u00e9ponse, je suis trop curieuse de tout pour arr\u00eater un jour.<\/p>\n<p>Au programme de cette ann\u00e9e l\u00e0 :<\/p>\n<p>Formation \u00e0 la m\u00e9thode Knap, jolie d\u00e9couverte qui me parle \u00e9norm\u00e9ment. L&rsquo;acupression, je la pratiquais d\u00e9j\u00e0 lors du modelage des pieds.<\/p>\n<p><img loading=\"lazy\" decoding=\"async\" class=\"aligncenter wp-image-452 size-full\" title=\"la methode knap a parthenay de bretagne a cot\u00e9 de rennes\" src=\"https:\/\/www.patriciafink.fr\/wp-content\/uploads\/2024\/04\/knap.jpg\" alt=\"la methode knap a parthenay de bretagne a cot\u00e9 de rennes\" width=\"343\" height=\"315\" srcset=\"https:\/\/www.patriciafink.fr\/wp-content\/uploads\/2024\/04\/knap.jpg 343w, https:\/\/www.patriciafink.fr\/wp-content\/uploads\/2024\/04\/knap-300x276.jpg 300w\" sizes=\"auto, (max-width: 343px) 100vw, 343px\" \/><\/p>\n<p>C&rsquo;est en fait une continuit\u00e9. Je pense a finir mes cursus en reflexologie plantaire et palmaire ainsi que le modelage Californien. Et bien sur comme mon cerveau est bien fait je pense d\u00e9j\u00e0 \u00e0 me sp\u00e9cialiser en drainage lymphatique. Je vous en dirais plus dans le courant de l&rsquo;ann\u00e9e.<\/p>\n<h2>2025<\/h2>\n<p>Le drainage lymphatique m\u00e9thode Vodder : Le drainage Lymphatique esth\u00e9tique visage et corps est une m\u00e9thode de massage manuelle qui permet de stimuler la lymphe et de la relancer en \u00e9liminant les toxines du corps. Grace \u00e0 des pressions douces, rythm\u00e9es et aux diff\u00e9rents pompages effectu\u00e9s manuellement, les canaux lymphatiques se d\u00e9bloquent et permettent \u00e0 la lymphe de circuler normalement. Pr\u00e9conis\u00e9 pour la r\u00e9tention d&rsquo;eau entre autre. Massage non th\u00e9rapeutique.<\/p>\n<p><img loading=\"lazy\" decoding=\"async\" class=\"aligncenter wp-image-468 size-full\" title=\"massage drainage lymphatique du corps \u00e0 parthenay de bretagne 80\u20ac\" src=\"https:\/\/www.patriciafink.fr\/wp-content\/uploads\/2025\/03\/massage-drainage-lymphatique-du-corps-a-parthenay-de-bretagne-80E.jpg\" alt=\"massage drainage lymphatique du corps \u00e0 parthenay de bretagne 80\u20ac\" width=\"640\" height=\"427\" srcset=\"https:\/\/www.patriciafink.fr\/wp-content\/uploads\/2025\/03\/massage-drainage-lymphatique-du-corps-a-parthenay-de-bretagne-80E.jpg 640w, https:\/\/www.patriciafink.fr\/wp-content\/uploads\/2025\/03\/massage-drainage-lymphatique-du-corps-a-parthenay-de-bretagne-80E-300x200.jpg 300w\" sizes=\"auto, (max-width: 640px) 100vw, 640px\" \/><\/p>\n<h2>2026<\/h2>\n<p>\u00ab L\u2019\u00e2ge n\u2019est pas une limite, c\u2019est une richesse : continuons d\u2019avancer, de croire en nos r\u00eaves et de prendre soin de nous. \u00bb<\/p>\n<p>La <strong data-start=\"3\" data-end=\"39\">r\u00e9flexologie plantaire japonaise<\/strong> est une technique de bien-\u00eatre bas\u00e9e sur des pressions cibl\u00e9es exerc\u00e9es sur les zones r\u00e9flexes des pieds. Chaque zone du pied correspond \u00e0 un organe ou une fonction du corps. En stimulant ces points pr\u00e9cis, la r\u00e9flexologie aide \u00e0 favoriser la d\u00e9tente, rel\u00e2cher les tensions et soutenir l\u2019\u00e9quilibre naturel de l\u2019organisme. Cette pratique issue des traditions orientales est reconnue pour procurer une <strong data-start=\"440\" data-end=\"463\">relaxation profonde<\/strong>, am\u00e9liorer la circulation et accompagner la gestion du stress. C\u2019est un moment de bien-\u00eatre qui permet de se reconnecter \u00e0 son corps et de prendre soin de soi naturellement.<\/p>\n<p><img loading=\"lazy\" decoding=\"async\" class=\"aligncenter size-large wp-image-549\" src=\"https:\/\/www.patriciafink.fr\/wp-content\/uploads\/2026\/03\/reflexologie-plantaire-auray-et-parthenay-de-bretagne-1024x682.jpg\" alt=\"reflexologie plantaire auray et parthenay de bretagne\" width=\"525\" height=\"350\" srcset=\"https:\/\/www.patriciafink.fr\/wp-content\/uploads\/2026\/03\/reflexologie-plantaire-auray-et-parthenay-de-bretagne-1024x682.jpg 1024w, https:\/\/www.patriciafink.fr\/wp-content\/uploads\/2026\/03\/reflexologie-plantaire-auray-et-parthenay-de-bretagne-300x200.jpg 300w, https:\/\/www.patriciafink.fr\/wp-content\/uploads\/2026\/03\/reflexologie-plantaire-auray-et-parthenay-de-bretagne-768x511.jpg 768w, https:\/\/www.patriciafink.fr\/wp-content\/uploads\/2026\/03\/reflexologie-plantaire-auray-et-parthenay-de-bretagne.jpg 1280w\" sizes=\"auto, (max-width: 525px) 100vw, 525px\" \/><\/p>\n<h3>Cursus et formations suivies<\/h3>\n<p>2026 : R\u00e9flexologie Plantaire Japonaise<\/p>\n<p>2025 : Drainage Lymphatique Esth\u00e9tique M\u00e9thode VODDER.<\/p>\n<p>2024 : Acupression, Digitopression : M\u00e9thode Knap.<\/p>\n<p>2023 : CAP Esth\u00e9tique, cosm\u00e9tiques et parfumerie. Esth\u00e9ticienne<\/p>\n<p>2023 : Quick Shape et manucure combin\u00e9e<\/p>\n<p>2023 : R\u00e9flexologie plantaire et palmaire &#8211; Modelage Californien &#8211; Naturopathie en cours.<\/p>\n<p>2022\u00a0: HACCP<\/p>\n<p>2020 : Art Th\u00e9rapie.<\/p>\n<p>2019 : M\u00e9thode Cou\u00e9 &#8211; Techniques fondamentales et avanc\u00e9es.<\/p>\n<p>2019 : Technicien en PNL. NLP Hypnose Coaching<\/p>\n<p>2019 : Certificat de praticien en Hypnose Ericksonienne.<\/p>\n<p>2018 : Certificat en Psychologie positive.<\/p>\n<p>2018 : Initiation et Praticien en Hypnose Classique et rapide avec Fabrice CAZORLA.<\/p>\n<p>2017-2018 : Cr\u00e9ation du site <a href=\"https:\/\/www.hypnose-enchantee.fr\/\" target=\"_blank\" rel=\"noopener\"><strong>l&rsquo;Hypnose enchant\u00e9e<\/strong><\/a> avec Fabrice CAZORLA.<\/p>\n<p>2012 \u00e0 2017 : 17 Dipl\u00f4mes et certifications de Stylisme et de Proth\u00e8sie Ongulaire.<\/p>\n<ul>\n<li>Nail art aquarelle. Tartofraises. Juin 2017<\/li>\n<li>Nail art r\u00e9sine 3d niveau 1. Tartofraises. Juin 2017<\/li>\n<li>Mix M\u00e9dia\u00a0: Coll\u00e8ge Indigo. F\u00e9vrier 2017. Coll\u00e8ge French Nails. Association Nail Art France. F\u00e9vrier 2017<\/li>\n<li>Nail Art. Sandor Mariana. F\u00e9vrier 2017<\/li>\n<li>Workshop Vip Edition. Marco Bonvincini. F\u00e9vrier 2017<\/li>\n<li>Mandorla et Bridgett. Sandor et Cabriales. Nail acad\u00e9my. F\u00e9vrier 2017<\/li>\n<li>Personnages gel salon. Supernana. F\u00e9vrier 2017<\/li>\n<li>Nail art Wedding Design. So Originail. F\u00e9vrier 2017<\/li>\n<li>Gel Painting Vintage. Supernana. Mars 2016<\/li>\n<li>Formes Gel salon. Supernana. Mai 2016<\/li>\n<li>Peinture acrylique niveau 2. Supernana. D\u00e9cembre 2015<\/li>\n<li>One stroke 1. Tartofraises. Novembre 2015<\/li>\n<li>Perfectionnement ongles en gel. Formatrice. Virginie Magicart Aout 2015.<\/li>\n<li>Effet porcelaine. Virginie Magicart. Octobre 2015<\/li>\n<li>Formes extr\u00eames. Virginie Magicart. Octobre 2015<\/li>\n<li>Perfectionnement gel. Virginie Magicart. Juin 2015. <strong>Oupsss, c&rsquo;est le jour ou j&rsquo;ai d\u00e9couvert le gel et les formes extr\u00e8mes.<\/strong><\/li>\n<li>One stroke 5 couleurs. Virginie Magicart. F\u00e9vrier 2014.<\/li>\n<li>Cr\u00e9ation de la boutique en ligne et du <a href=\"https:\/\/www.vernisongles.com\/\" target=\"_blank\" rel=\"noopener\">blog avec tutos\u00a0 et avis sur les produits<\/a>. (D&rsquo;ailleurs celui-ci fait peau neuve, peu d&rsquo;articles sont pour le moment disponibles). Mai 2012.<\/li>\n<\/ul>\n<p><img loading=\"lazy\" decoding=\"async\" class=\"aligncenter wp-image-397 size-full\" title=\"Nail art aquarelle et semi permanent a rennes\" src=\"https:\/\/www.patriciafink.fr\/wp-content\/uploads\/2023\/10\/pub-faceb-ook.jpg\" alt=\"Nail art aquarelle et semi permanent a rennes\" width=\"851\" height=\"315\" srcset=\"https:\/\/www.patriciafink.fr\/wp-content\/uploads\/2023\/10\/pub-faceb-ook.jpg 851w, https:\/\/www.patriciafink.fr\/wp-content\/uploads\/2023\/10\/pub-faceb-ook-300x111.jpg 300w, https:\/\/www.patriciafink.fr\/wp-content\/uploads\/2023\/10\/pub-faceb-ook-768x284.jpg 768w\" sizes=\"auto, (max-width: 767px) 89vw, (max-width: 1000px) 54vw, (max-width: 1071px) 543px, 580px\" \/><\/p>\n<h3>Voil\u00e0 vous savez-tout, \u00e0 bient\u00f4t pour de nouvelles aventures.<\/h3>\n<h3>Coordonn\u00e9es<\/h3>\n<p><a href=\"https:\/\/www.patriciafink.fr\/\/index.php\/contacts-et-liens-divers\/\" target=\"_blank\" rel=\"noopener noreferrer\">Formulaire de contact<\/a> : Patricia FINK \u2013 Hypnoth\u00e9rapeute,\u00a0 Esth\u00e9ticienne. 22 Rue de la No\u00e9 &#8211; 35850 PARTHENAY-DE-BRETAGNE &#8211; SIREN : 380964056 \u2013 Code APE : 4791-A &#8211; Vente \u00e0 distance sur CG en premi\u00e8re activit\u00e9. Hypnoth\u00e9rapie, coaching en d\u00e9veloppement personnel, formatrice en D\u00e9veloppement Personnel, Professionnel et Esth\u00e9ticienne.<\/p>\n<p>Dispensateur de formation professionnelle : D\u00e9claration d\u2019activit\u00e9 enregistr\u00e9e sous le num\u00e9ro : 53351056535 aupr\u00e8s du pr\u00e9fet de Bretagne, en seconde activit\u00e9. Cet enregistrement ne vaut pas agr\u00e9ment d\u2019\u00e9tat.<\/p>\n<h3>Informations diverses<\/h3>\n<p>En sa qualit\u00e9 d&rsquo;auto-entrepreneur, Patricia FINK est en franchise de TVA \u00ab\u00a0TVA non applicable, art. 293B du CGI\u00a0\u00bb. Conform\u00e9ment \u00e0 la loi Informatique et Libert\u00e9s du 6 janvier 1978, vous disposez d&rsquo;un droit d&rsquo;acc\u00e8s, de rectification, de modification et de suppression concernant les donn\u00e9es qui vous concernent. Pour toutes ces raisons vous pouvez exercer ce droit en nous envoyant un courrier postal. C&rsquo;est pour cela que les donn\u00e9es du consommateur sont conserv\u00e9es confidentiellement par le marchand conform\u00e9ment \u00e0 sa d\u00e9claration effectu\u00e9e aupr\u00e8s de la CNIL, pour les besoins du contrat, de son ex\u00e9cution et dans le respect de la loi. Cette d\u00e9signation porte le num\u00e9ro DPO-3139.<\/p>\n<h3>A Propos du RGPD<\/h3>\n<p>Conform\u00e9ment \u00e0 la nouvelle r\u00e9glementation sur la protection des donn\u00e9es (RGPD), entrant en vigueur le 25.05.2018, Patricia FINK garantit un contr\u00f4le accru et une protection compl\u00e8te de vos donn\u00e9es personnelles. Une charte est disponible <a href=\"https:\/\/www.vernisongles.fr\/content\/2-chartre-protection-des-donnees-mentions-legales\" target=\"_blank\" rel=\"noopener noreferrer\">ici<\/a> sur la politique de protection des donn\u00e9es que nous appliquons a toutes nos activit\u00e9s principales, secondaires ou annexes. C&rsquo;est pour cela que si vous souhaitez faire effacer un de vos commentaires sur un de nos articles, transmettez nous cette demande par le <a href=\"https:\/\/www.patriciafink.fr\/\/index.php\/contacts-et-liens-divers\/\" target=\"_blank\" rel=\"noopener noreferrer\">formulaire de contact<\/a>, il sera supprim\u00e9 rapidement.<\/p>\n","protected":false},"excerpt":{"rendered":"<p>A propos de Patricia Fink&#8230; Je m&rsquo;appelle Patricia FINK, je suis Hypnoth\u00e9rapeute, Esth\u00e9ticienne et Formatrice \u00e0 c\u00f4t\u00e9 de Rennes en Bretagne, plus pr\u00e9cis\u00e9ment dans le d\u00e9partement d&rsquo; Ille et Vilaine. A propos de Patricia Fink : Vous pouvez me contacter pour un rendez vous classique ou combin\u00e9 Premi\u00e8rement pour une consultation en hypnose hypnoth\u00e9rapie de &hellip; <\/p>\n<p class=\"link-more\"><a href=\"https:\/\/www.patriciafink.fr\/index.php\/a-propos-de-patricia-fink\/\" class=\"more-link\">Continuer la lecture<span class=\"screen-reader-text\"> de &laquo;&nbsp;A propos&nbsp;&raquo;<\/span><\/a><\/p>\n","protected":false},"author":1,"featured_media":0,"parent":0,"menu_order":0,"comment_status":"closed","ping_status":"closed","template":"","meta":{"footnotes":""},"class_list":["post-60","page","type-page","status-publish","hentry"],"yoast_head":"<!-- This site is optimized with the Yoast SEO plugin v27.3 - https:\/\/yoast.com\/product\/yoast-seo-wordpress\/ -->\n<title>A propos de Patricia FINK hypnoth\u00e9rapeute et praticienne bien-\u00eatre<\/title>\n<meta name=\"description\" content=\"A propos de Patricia Fink hypnoth\u00e9rapeute et praticienne bien-\u00eatre en Bretagne passionn\u00e9e par l\u2019accompagnement et la d\u00e9couverte\" \/>\n<meta name=\"robots\" content=\"index, follow, max-snippet:-1, max-image-preview:large, max-video-preview:-1\" \/>\n<link rel=\"canonical\" href=\"https:\/\/www.patriciafink.fr\/index.php\/a-propos-de-patricia-fink\/\" \/>\n<meta property=\"og:locale\" content=\"fr_FR\" \/>\n<meta property=\"og:type\" content=\"article\" \/>\n<meta property=\"og:title\" content=\"A propos de Patricia FINK hypnoth\u00e9rapeute et praticienne bien-\u00eatre\" \/>\n<meta property=\"og:description\" content=\"A propos de Patricia Fink hypnoth\u00e9rapeute et praticienne bien-\u00eatre en Bretagne passionn\u00e9e par l\u2019accompagnement et la d\u00e9couverte\" \/>\n<meta property=\"og:url\" content=\"https:\/\/www.patriciafink.fr\/index.php\/a-propos-de-patricia-fink\/\" \/>\n<meta property=\"og:site_name\" content=\"Patricia Fink\" \/>\n<meta property=\"article:modified_time\" content=\"2026-04-03T13:30:21+00:00\" \/>\n<meta property=\"og:image\" content=\"https:\/\/www.patriciafink.fr\/wp-content\/uploads\/2020\/10\/hypnose-en-ligne-patricia-FINK-onrestechezsoi.jpg\" \/>\n\t<meta property=\"og:image:width\" content=\"640\" \/>\n\t<meta property=\"og:image:height\" content=\"427\" \/>\n\t<meta property=\"og:image:type\" content=\"image\/jpeg\" \/>\n<meta name=\"twitter:card\" content=\"summary_large_image\" \/>\n<meta name=\"twitter:label1\" content=\"Dur\u00e9e de lecture estim\u00e9e\" \/>\n\t<meta name=\"twitter:data1\" content=\"12 minutes\" \/>\n<script type=\"application\/ld+json\" class=\"yoast-schema-graph\">{\"@context\":\"https:\\\/\\\/schema.org\",\"@graph\":[{\"@type\":\"WebPage\",\"@id\":\"https:\\\/\\\/www.patriciafink.fr\\\/index.php\\\/a-propos-de-patricia-fink\\\/\",\"url\":\"https:\\\/\\\/www.patriciafink.fr\\\/index.php\\\/a-propos-de-patricia-fink\\\/\",\"name\":\"A propos de Patricia FINK hypnoth\u00e9rapeute et praticienne bien-\u00eatre\",\"isPartOf\":{\"@id\":\"https:\\\/\\\/www.patriciafink.fr\\\/#website\"},\"primaryImageOfPage\":{\"@id\":\"https:\\\/\\\/www.patriciafink.fr\\\/index.php\\\/a-propos-de-patricia-fink\\\/#primaryimage\"},\"image\":{\"@id\":\"https:\\\/\\\/www.patriciafink.fr\\\/index.php\\\/a-propos-de-patricia-fink\\\/#primaryimage\"},\"thumbnailUrl\":\"https:\\\/\\\/www.patriciafink.fr\\\/\\\/wp-content\\\/uploads\\\/2020\\\/10\\\/hypnose-en-ligne-patricia-FINK-onrestechezsoi.jpg\",\"datePublished\":\"2019-08-11T18:57:49+00:00\",\"dateModified\":\"2026-04-03T13:30:21+00:00\",\"description\":\"A propos de Patricia Fink hypnoth\u00e9rapeute et praticienne bien-\u00eatre en Bretagne passionn\u00e9e par l\u2019accompagnement et la d\u00e9couverte\",\"breadcrumb\":{\"@id\":\"https:\\\/\\\/www.patriciafink.fr\\\/index.php\\\/a-propos-de-patricia-fink\\\/#breadcrumb\"},\"inLanguage\":\"fr-FR\",\"potentialAction\":[{\"@type\":\"ReadAction\",\"target\":[\"https:\\\/\\\/www.patriciafink.fr\\\/index.php\\\/a-propos-de-patricia-fink\\\/\"]}]},{\"@type\":\"ImageObject\",\"inLanguage\":\"fr-FR\",\"@id\":\"https:\\\/\\\/www.patriciafink.fr\\\/index.php\\\/a-propos-de-patricia-fink\\\/#primaryimage\",\"url\":\"https:\\\/\\\/www.patriciafink.fr\\\/wp-content\\\/uploads\\\/2020\\\/10\\\/hypnose-en-ligne-patricia-FINK-onrestechezsoi.jpg\",\"contentUrl\":\"https:\\\/\\\/www.patriciafink.fr\\\/wp-content\\\/uploads\\\/2020\\\/10\\\/hypnose-en-ligne-patricia-FINK-onrestechezsoi.jpg\",\"width\":640,\"height\":427,\"caption\":\"consultation d hypnose en ligne a rennes\"},{\"@type\":\"BreadcrumbList\",\"@id\":\"https:\\\/\\\/www.patriciafink.fr\\\/index.php\\\/a-propos-de-patricia-fink\\\/#breadcrumb\",\"itemListElement\":[{\"@type\":\"ListItem\",\"position\":1,\"name\":\"Accueil\",\"item\":\"https:\\\/\\\/www.patriciafink.fr\\\/\"},{\"@type\":\"ListItem\",\"position\":2,\"name\":\"A propos\"}]},{\"@type\":\"WebSite\",\"@id\":\"https:\\\/\\\/www.patriciafink.fr\\\/#website\",\"url\":\"https:\\\/\\\/www.patriciafink.fr\\\/\",\"name\":\"Patricia Fink\",\"description\":\"Hypnoth\u00e9rapie et esth\u00e9tique. D\u00e9velopper son potentiel ainsi que ses comp\u00e9tences personnelles et professionnelles. Soins du visage, des mains et des pieds. Proth\u00e9siste ongulaire et nail art : Donnez des ongles \u00e0 celles et ceux qui n&#039;en ont pas est un vrai m\u00e9tier !\",\"potentialAction\":[{\"@type\":\"SearchAction\",\"target\":{\"@type\":\"EntryPoint\",\"urlTemplate\":\"https:\\\/\\\/www.patriciafink.fr\\\/?s={search_term_string}\"},\"query-input\":{\"@type\":\"PropertyValueSpecification\",\"valueRequired\":true,\"valueName\":\"search_term_string\"}}],\"inLanguage\":\"fr-FR\"}]}<\/script>\n<!-- \/ Yoast SEO plugin. -->","yoast_head_json":{"title":"A propos de Patricia FINK hypnoth\u00e9rapeute et praticienne bien-\u00eatre","description":"A propos de Patricia Fink hypnoth\u00e9rapeute et praticienne bien-\u00eatre en Bretagne passionn\u00e9e par l\u2019accompagnement et la d\u00e9couverte","robots":{"index":"index","follow":"follow","max-snippet":"max-snippet:-1","max-image-preview":"max-image-preview:large","max-video-preview":"max-video-preview:-1"},"canonical":"https:\/\/www.patriciafink.fr\/index.php\/a-propos-de-patricia-fink\/","og_locale":"fr_FR","og_type":"article","og_title":"A propos de Patricia FINK hypnoth\u00e9rapeute et praticienne bien-\u00eatre","og_description":"A propos de Patricia Fink hypnoth\u00e9rapeute et praticienne bien-\u00eatre en Bretagne passionn\u00e9e par l\u2019accompagnement et la d\u00e9couverte","og_url":"https:\/\/www.patriciafink.fr\/index.php\/a-propos-de-patricia-fink\/","og_site_name":"Patricia Fink","article_modified_time":"2026-04-03T13:30:21+00:00","og_image":[{"width":640,"height":427,"url":"https:\/\/www.patriciafink.fr\/wp-content\/uploads\/2020\/10\/hypnose-en-ligne-patricia-FINK-onrestechezsoi.jpg","type":"image\/jpeg"}],"twitter_card":"summary_large_image","twitter_misc":{"Dur\u00e9e de lecture estim\u00e9e":"12 minutes"},"schema":{"@context":"https:\/\/schema.org","@graph":[{"@type":"WebPage","@id":"https:\/\/www.patriciafink.fr\/index.php\/a-propos-de-patricia-fink\/","url":"https:\/\/www.patriciafink.fr\/index.php\/a-propos-de-patricia-fink\/","name":"A propos de Patricia FINK hypnoth\u00e9rapeute et praticienne bien-\u00eatre","isPartOf":{"@id":"https:\/\/www.patriciafink.fr\/#website"},"primaryImageOfPage":{"@id":"https:\/\/www.patriciafink.fr\/index.php\/a-propos-de-patricia-fink\/#primaryimage"},"image":{"@id":"https:\/\/www.patriciafink.fr\/index.php\/a-propos-de-patricia-fink\/#primaryimage"},"thumbnailUrl":"https:\/\/www.patriciafink.fr\/\/wp-content\/uploads\/2020\/10\/hypnose-en-ligne-patricia-FINK-onrestechezsoi.jpg","datePublished":"2019-08-11T18:57:49+00:00","dateModified":"2026-04-03T13:30:21+00:00","description":"A propos de Patricia Fink hypnoth\u00e9rapeute et praticienne bien-\u00eatre en Bretagne passionn\u00e9e par l\u2019accompagnement et la d\u00e9couverte","breadcrumb":{"@id":"https:\/\/www.patriciafink.fr\/index.php\/a-propos-de-patricia-fink\/#breadcrumb"},"inLanguage":"fr-FR","potentialAction":[{"@type":"ReadAction","target":["https:\/\/www.patriciafink.fr\/index.php\/a-propos-de-patricia-fink\/"]}]},{"@type":"ImageObject","inLanguage":"fr-FR","@id":"https:\/\/www.patriciafink.fr\/index.php\/a-propos-de-patricia-fink\/#primaryimage","url":"https:\/\/www.patriciafink.fr\/wp-content\/uploads\/2020\/10\/hypnose-en-ligne-patricia-FINK-onrestechezsoi.jpg","contentUrl":"https:\/\/www.patriciafink.fr\/wp-content\/uploads\/2020\/10\/hypnose-en-ligne-patricia-FINK-onrestechezsoi.jpg","width":640,"height":427,"caption":"consultation d hypnose en ligne a rennes"},{"@type":"BreadcrumbList","@id":"https:\/\/www.patriciafink.fr\/index.php\/a-propos-de-patricia-fink\/#breadcrumb","itemListElement":[{"@type":"ListItem","position":1,"name":"Accueil","item":"https:\/\/www.patriciafink.fr\/"},{"@type":"ListItem","position":2,"name":"A propos"}]},{"@type":"WebSite","@id":"https:\/\/www.patriciafink.fr\/#website","url":"https:\/\/www.patriciafink.fr\/","name":"Patricia Fink","description":"Hypnoth\u00e9rapie et esth\u00e9tique. D\u00e9velopper son potentiel ainsi que ses comp\u00e9tences personnelles et professionnelles. Soins du visage, des mains et des pieds. Proth\u00e9siste ongulaire et nail art : Donnez des ongles \u00e0 celles et ceux qui n&#039;en ont pas est un vrai m\u00e9tier !","potentialAction":[{"@type":"SearchAction","target":{"@type":"EntryPoint","urlTemplate":"https:\/\/www.patriciafink.fr\/?s={search_term_string}"},"query-input":{"@type":"PropertyValueSpecification","valueRequired":true,"valueName":"search_term_string"}}],"inLanguage":"fr-FR"}]}},"_links":{"self":[{"href":"https:\/\/www.patriciafink.fr\/index.php\/wp-json\/wp\/v2\/pages\/60","targetHints":{"allow":["GET"]}}],"collection":[{"href":"https:\/\/www.patriciafink.fr\/index.php\/wp-json\/wp\/v2\/pages"}],"about":[{"href":"https:\/\/www.patriciafink.fr\/index.php\/wp-json\/wp\/v2\/types\/page"}],"author":[{"embeddable":true,"href":"https:\/\/www.patriciafink.fr\/index.php\/wp-json\/wp\/v2\/users\/1"}],"replies":[{"embeddable":true,"href":"https:\/\/www.patriciafink.fr\/index.php\/wp-json\/wp\/v2\/comments?post=60"}],"version-history":[{"count":61,"href":"https:\/\/www.patriciafink.fr\/index.php\/wp-json\/wp\/v2\/pages\/60\/revisions"}],"predecessor-version":[{"id":562,"href":"https:\/\/www.patriciafink.fr\/index.php\/wp-json\/wp\/v2\/pages\/60\/revisions\/562"}],"wp:attachment":[{"href":"https:\/\/www.patriciafink.fr\/index.php\/wp-json\/wp\/v2\/media?parent=60"}],"curies":[{"name":"wp","href":"https:\/\/api.w.org\/{rel}","templated":true}]}}